{"id":51,"date":"2022-01-17T11:35:15","date_gmt":"2022-01-17T10:35:15","guid":{"rendered":"https:\/\/demosites.royal-elementor-addons.com\/winebar-v1\/?page_id=51"},"modified":"2024-01-25T14:17:10","modified_gmt":"2024-01-25T13:17:10","slug":"biographe-logotherapie-et-art-therapie-a-bordeaux","status":"publish","type":"page","link":"https:\/\/leaudesmots.fr\/index.php\/biographe-logotherapie-et-art-therapie-a-bordeaux\/","title":{"rendered":"\u00c0 propos de moi, Biographe, logoth\u00e9rapie et Art-th\u00e9rapie \u00e0 Bordeaux"},"content":{"rendered":"\t\t<div data-elementor-type=\"wp-page\" data-elementor-id=\"51\" class=\"elementor elementor-51\">\n\t\t\t\t\t\t<section class=\"elementor-section elementor-top-section elementor-element elementor-element-e11013e elementor-section-height-min-height elementor-section-boxed elementor-section-height-default elementor-section-items-middle wpr-particle-no wpr-jarallax-no wpr-parallax-no wpr-sticky-section-no wpr-equal-height-no\" data-id=\"e11013e\" data-element_type=\"section\" data-e-type=\"section\" data-settings=\"{&quot;background_background&quot;:&quot;classic&quot;,&quot;shape_divider_bottom&quot;:&quot;mountains&quot;}\">\n\t\t\t\t\t\t\t<div class=\"elementor-background-overlay\"><\/div>\n\t\t\t\t\t\t<div class=\"elementor-shape elementor-shape-bottom\" aria-hidden=\"true\" data-negative=\"false\">\n\t\t\t<svg xmlns=\"http:\/\/www.w3.org\/2000\/svg\" viewBox=\"0 0 1000 100\" preserveAspectRatio=\"none\">\n\t<path class=\"elementor-shape-fill\" opacity=\"0.33\" d=\"M473,67.3c-203.9,88.3-263.1-34-320.3,0C66,119.1,0,59.7,0,59.7V0h1000v59.7 c0,0-62.1,26.1-94.9,29.3c-32.8,3.3-62.8-12.3-75.8-22.1C806,49.6,745.3,8.7,694.9,4.7S492.4,59,473,67.3z\"\/>\n\t<path class=\"elementor-shape-fill\" opacity=\"0.66\" d=\"M734,67.3c-45.5,0-77.2-23.2-129.1-39.1c-28.6-8.7-150.3-10.1-254,39.1 s-91.7-34.4-149.2,0C115.7,118.3,0,39.8,0,39.8V0h1000v36.5c0,0-28.2-18.5-92.1-18.5C810.2,18.1,775.7,67.3,734,67.3z\"\/>\n\t<path class=\"elementor-shape-fill\" d=\"M766.1,28.9c-200-57.5-266,65.5-395.1,19.5C242,1.8,242,5.4,184.8,20.6C128,35.8,132.3,44.9,89.9,52.5C28.6,63.7,0,0,0,0 h1000c0,0-9.9,40.9-83.6,48.1S829.6,47,766.1,28.9z\"\/>\n<\/svg>\t\t<\/div>\n\t\t\t\t\t<div class=\"elementor-container elementor-column-gap-default\">\n\t\t\t\t\t<div class=\"elementor-column elementor-col-100 elementor-top-column elementor-element elementor-element-92d1402\" data-id=\"92d1402\" data-element_type=\"column\" data-e-type=\"column\">\n\t\t\t<div class=\"elementor-widget-wrap elementor-element-populated\">\n\t\t\t\t\t\t<div class=\"elementor-element elementor-element-8144e5a elementor-widget elementor-widget-heading\" data-id=\"8144e5a\" data-element_type=\"widget\" data-e-type=\"widget\" data-widget_type=\"heading.default\">\n\t\t\t\t<div class=\"elementor-widget-container\">\n\t\t\t\t\t<h2 class=\"elementor-heading-title elementor-size-default\">\u00c0 propos de moi,<\/h2>\t\t\t\t<\/div>\n\t\t\t\t<\/div>\n\t\t\t\t<div class=\"elementor-element elementor-element-0eb1900 elementor-widget elementor-widget-heading\" data-id=\"0eb1900\" data-element_type=\"widget\" data-e-type=\"widget\" data-widget_type=\"heading.default\">\n\t\t\t\t<div class=\"elementor-widget-container\">\n\t\t\t\t\t<h2 class=\"elementor-heading-title elementor-size-default\">Biographe humaniste, Logoth\u00e9rapie et Art-Th\u00e9rapie \u00e0 Bordeaux<\/h2>\t\t\t\t<\/div>\n\t\t\t\t<\/div>\n\t\t\t\t\t<\/div>\n\t\t<\/div>\n\t\t\t\t\t<\/div>\n\t\t<\/section>\n\t\t<div class=\"elementor-element elementor-element-5f404ad e-flex e-con-boxed wpr-particle-no wpr-jarallax-no wpr-parallax-no wpr-sticky-section-no wpr-equal-height-no e-con e-parent\" data-id=\"5f404ad\" data-element_type=\"container\" data-e-type=\"container\">\n\t\t\t\t\t<div class=\"e-con-inner\">\n\t\t\t\t<div class=\"elementor-element elementor-element-ee9787f elementor-widget elementor-widget-heading\" data-id=\"ee9787f\" data-element_type=\"widget\" data-e-type=\"widget\" data-widget_type=\"heading.default\">\n\t\t\t\t<div class=\"elementor-widget-container\">\n\t\t\t\t\t<h2 class=\"elementor-heading-title elementor-size-default\">\u00c0 propos de moi,<\/h2>\t\t\t\t<\/div>\n\t\t\t\t<\/div>\n\t\t\t\t<div class=\"elementor-element elementor-element-9659afa elementor-widget-divider--view-line elementor-widget elementor-widget-divider\" data-id=\"9659afa\" data-element_type=\"widget\" data-e-type=\"widget\" data-widget_type=\"divider.default\">\n\t\t\t\t<div class=\"elementor-widget-container\">\n\t\t\t\t\t\t\t<div class=\"elementor-divider\">\n\t\t\t<span class=\"elementor-divider-separator\">\n\t\t\t\t\t\t<\/span>\n\t\t<\/div>\n\t\t\t\t\t\t<\/div>\n\t\t\t\t<\/div>\n\t\t\t\t<div class=\"elementor-element elementor-element-1f8c9b4 elementor-widget elementor-widget-heading\" data-id=\"1f8c9b4\" data-element_type=\"widget\" data-e-type=\"widget\" data-widget_type=\"heading.default\">\n\t\t\t\t<div class=\"elementor-widget-container\">\n\t\t\t\t\t<p class=\"elementor-heading-title elementor-size-default\">Anne Prost, \nBiographe, logoth\u00e9rapie et Art-th\u00e9rapie \u00e0 Bordeaux<\/p>\t\t\t\t<\/div>\n\t\t\t\t<\/div>\n\t\t\t\t\t<\/div>\n\t\t\t\t<\/div>\n\t\t\t\t<section class=\"elementor-section elementor-top-section elementor-element elementor-element-c85d39e elementor-section-boxed elementor-section-height-default elementor-section-height-default wpr-particle-no wpr-jarallax-no wpr-parallax-no wpr-sticky-section-no wpr-equal-height-no\" data-id=\"c85d39e\" data-element_type=\"section\" data-e-type=\"section\">\n\t\t\t\t\t\t<div class=\"elementor-container elementor-column-gap-default\">\n\t\t\t\t\t<div class=\"elementor-column elementor-col-50 elementor-top-column elementor-element elementor-element-5159c18\" data-id=\"5159c18\" data-element_type=\"column\" data-e-type=\"column\" data-settings=\"{&quot;background_background&quot;:&quot;classic&quot;}\">\n\t\t\t<div class=\"elementor-widget-wrap elementor-element-populated\">\n\t\t\t\t\t\t<div class=\"elementor-element elementor-element-c427ab7 elementor-widget elementor-widget-image\" data-id=\"c427ab7\" data-element_type=\"widget\" data-e-type=\"widget\" data-widget_type=\"image.default\">\n\t\t\t\t<div class=\"elementor-widget-container\">\n\t\t\t\t\t\t\t\t\t\t\t\t\t\t\t<img fetchpriority=\"high\" decoding=\"async\" width=\"200\" height=\"300\" src=\"https:\/\/leaudesmots.fr\/wp-content\/uploads\/2023\/10\/WhatsApp-Image-2023-08-16-a-14.55.01-200x300.jpg\" class=\"attachment-medium size-medium wp-image-1176\" alt=\"\" srcset=\"https:\/\/leaudesmots.fr\/wp-content\/uploads\/2023\/10\/WhatsApp-Image-2023-08-16-a-14.55.01-200x300.jpg 200w, https:\/\/leaudesmots.fr\/wp-content\/uploads\/2023\/10\/WhatsApp-Image-2023-08-16-a-14.55.01.jpg 683w\" sizes=\"(max-width: 200px) 100vw, 200px\" \/>\t\t\t\t\t\t\t\t\t\t\t\t\t\t\t<\/div>\n\t\t\t\t<\/div>\n\t\t\t\t\t<\/div>\n\t\t<\/div>\n\t\t\t\t<div class=\"elementor-column elementor-col-50 elementor-top-column elementor-element elementor-element-8a84934\" data-id=\"8a84934\" data-element_type=\"column\" data-e-type=\"column\">\n\t\t\t<div class=\"elementor-widget-wrap elementor-element-populated\">\n\t\t\t\t\t\t<div class=\"elementor-element elementor-element-19a034b elementor-widget elementor-widget-image\" data-id=\"19a034b\" data-element_type=\"widget\" data-e-type=\"widget\" data-widget_type=\"image.default\">\n\t\t\t\t<div class=\"elementor-widget-container\">\n\t\t\t\t\t\t\t\t\t\t\t\t\t\t\t<img decoding=\"async\" src=\"https:\/\/leaudesmots.fr\/wp-content\/uploads\/2022\/01\/Pic-9.jpg\" title=\"\" alt=\"\" loading=\"lazy\" \/>\t\t\t\t\t\t\t\t\t\t\t\t\t\t\t<\/div>\n\t\t\t\t<\/div>\n\t\t\t\t<div class=\"elementor-element elementor-element-b252559 elementor-widget elementor-widget-text-editor\" data-id=\"b252559\" data-element_type=\"widget\" data-e-type=\"widget\" data-widget_type=\"text-editor.default\">\n\t\t\t\t<div class=\"elementor-widget-container\">\n\t\t\t\t\t\t\t\t\t<p>Th\u00e9rapeute, enseignante artiste et auteure. Je vous accompagne \u00e0 poser des mots sur des maux.<\/p><p>Dans ma premi\u00e8re partie de vie j\u2019ai \u00e9t\u00e9 infirmi\u00e8re, pu\u00e9ricultrice puis enseignante. Comme tout \u00eatre humain, j\u2019ai rencontr\u00e9 diff\u00e9rentes \u00e9preuves dont j\u2019ai cherch\u00e9 \u00e0 comprendre le sens.<\/p><p>Dans la seconde partie de ma vie j\u2019ai souhait\u00e9 mettre mon exp\u00e9rience au service de l\u2019\u00e9coute d\u2019autrui, au service de l\u2019introspection afin de valoriser la singularit\u00e9 de chaque \u00eatre humain, lui redonner confiance pour exploiter ses\u00a0<span style=\"letter-spacing: 0px;\">pleins potentiels, l\u2019accompagner \u00e0 revenir aux essentiels.<\/span><\/p><p>Je m\u2019appuie sur ma confiance, mon savoir-faire et mon savoir \u00eatre pour faire de cet accompagnement un v\u00e9ritable soin, vous permettre de vous reconnecter \u00e0 votre \u00e2me, \u00e0 votre essence d\u2019\u00eatre.<\/p>\t\t\t\t\t\t\t\t<\/div>\n\t\t\t\t<\/div>\n\t\t\t\t\t<\/div>\n\t\t<\/div>\n\t\t\t\t\t<\/div>\n\t\t<\/section>\n\t\t<div class=\"elementor-element elementor-element-182ce10 e-flex e-con-boxed wpr-particle-no wpr-jarallax-no wpr-parallax-no wpr-sticky-section-no wpr-equal-height-no e-con e-parent\" data-id=\"182ce10\" data-element_type=\"container\" data-e-type=\"container\">\n\t\t\t\t\t<div class=\"e-con-inner\">\n\t\t\t\t<div class=\"elementor-element elementor-element-d89b1ef elementor-widget-divider--separator-type-pattern elementor-widget-divider--view-line elementor-widget elementor-widget-divider\" data-id=\"d89b1ef\" data-element_type=\"widget\" data-e-type=\"widget\" data-widget_type=\"divider.default\">\n\t\t\t\t<div class=\"elementor-widget-container\">\n\t\t\t\t\t\t\t<div class=\"elementor-divider\" style=\"--divider-pattern-url: url(&quot;data:image\/svg+xml,%3Csvg xmlns=&#039;http:\/\/www.w3.org\/2000\/svg&#039; preserveAspectRatio=&#039;none&#039; overflow=&#039;visible&#039; height=&#039;100%&#039; viewBox=&#039;0 0 24 24&#039; fill=&#039;none&#039; stroke=&#039;black&#039; stroke-width=&#039;2.2&#039; stroke-linecap=&#039;square&#039; stroke-miterlimit=&#039;10&#039;%3E%3Cpath d=&#039;M0,21c3.3,0,8.3-0.9,15.7-7.1c6.6-5.4,4.4-9.3,2.4-10.3c-3.4-1.8-7.7,1.3-7.3,8.8C11.2,20,17.1,21,24,21&#039;\/%3E%3C\/svg%3E&quot;);\">\n\t\t\t<span class=\"elementor-divider-separator\">\n\t\t\t\t\t\t<\/span>\n\t\t<\/div>\n\t\t\t\t\t\t<\/div>\n\t\t\t\t<\/div>\n\t\t\t\t<div class=\"elementor-element elementor-element-5375e27 elementor-widget elementor-widget-heading\" data-id=\"5375e27\" data-element_type=\"widget\" data-e-type=\"widget\" data-widget_type=\"heading.default\">\n\t\t\t\t<div class=\"elementor-widget-container\">\n\t\t\t\t\t<h3 class=\"elementor-heading-title elementor-size-default\">Mes valeurs<\/h3>\t\t\t\t<\/div>\n\t\t\t\t<\/div>\n\t\t\t\t<div class=\"elementor-element elementor-element-9032c40 elementor-widget elementor-widget-text-editor\" data-id=\"9032c40\" data-element_type=\"widget\" data-e-type=\"widget\" data-widget_type=\"text-editor.default\">\n\t\t\t\t<div class=\"elementor-widget-container\">\n\t\t\t\t\t\t\t\t\t<p>L\u2019humanisme, la solidarit\u00e9, la justice et la justesse, l\u2019authenticit\u00e9, le respect et la confiance.<\/p>\n<p>C\u2019est en r\u00e9f\u00e9rence \u00e0 ces valeurs que je me suis form\u00e9e \u00e0 diff\u00e9rentes techniques, diff\u00e9rents outils pour enrichir mes comp\u00e9tences et am\u00e9liorer mon &nbsp;accompagnement.<\/p>\n<p>L\u2019<strong>approche humaniste<\/strong>, qui s\u2019appuie sur des valeurs d\u2019<strong>authenticit\u00e9<\/strong>, de&nbsp;<strong>respect<\/strong>&nbsp;et de&nbsp;<strong>bienveillance<\/strong>&nbsp;de la personne est pour moi essentielle.<\/p>\t\t\t\t\t\t\t\t<\/div>\n\t\t\t\t<\/div>\n\t\t\t\t\t<\/div>\n\t\t\t\t<\/div>\n\t\t<div class=\"elementor-element elementor-element-575cc64 e-flex e-con-boxed wpr-particle-no wpr-jarallax-no wpr-parallax-no wpr-sticky-section-no wpr-equal-height-no e-con e-parent\" data-id=\"575cc64\" data-element_type=\"container\" data-e-type=\"container\">\n\t\t\t\t\t<div class=\"e-con-inner\">\n\t\t\t\t<div class=\"elementor-element elementor-element-61b865d elementor-widget elementor-widget-heading\" data-id=\"61b865d\" data-element_type=\"widget\" data-e-type=\"widget\" data-widget_type=\"heading.default\">\n\t\t\t\t<div class=\"elementor-widget-container\">\n\t\t\t\t\t<h3 class=\"elementor-heading-title elementor-size-default\">La reliance \u00e0 soi :<\/h3>\t\t\t\t<\/div>\n\t\t\t\t<\/div>\n\t\t\t\t<div class=\"elementor-element elementor-element-330aa5a elementor-widget elementor-widget-text-editor\" data-id=\"330aa5a\" data-element_type=\"widget\" data-e-type=\"widget\" data-widget_type=\"text-editor.default\">\n\t\t\t\t<div class=\"elementor-widget-container\">\n\t\t\t\t\t\t\t\t\t<p>Se relier \u00e0 \u00a0soi est l\u2019objectif premier de nos vies pour nous permettre d\u2019\u00caTRE compl\u00e8tement nous-m\u00eame.\u00a0<\/p><p>S\u2019interroger sur des questions existentielles en \u00e9tant accompagn\u00e9 pour cheminer vers soi, voil\u00e0 ce que je vous propose.\u00a0<\/p><p>N\u2019h\u00e9sitez pas \u00e0 me contacter pour <strong>prendre RDV pour un appel d\u00e9couverte<\/strong>.<\/p>\t\t\t\t\t\t\t\t<\/div>\n\t\t\t\t<\/div>\n\t\t\t\t\t<\/div>\n\t\t\t\t<\/div>\n\t\t<div class=\"elementor-element elementor-element-bf869ff e-flex e-con-boxed wpr-particle-no wpr-jarallax-no wpr-parallax-no wpr-sticky-section-no wpr-equal-height-no e-con e-parent\" data-id=\"bf869ff\" data-element_type=\"container\" data-e-type=\"container\">\n\t\t\t\t\t<div class=\"e-con-inner\">\n\t\t\t\t<div class=\"elementor-element elementor-element-83eae0b elementor-widget-divider--separator-type-pattern elementor-widget-divider--view-line elementor-widget elementor-widget-divider\" data-id=\"83eae0b\" data-element_type=\"widget\" data-e-type=\"widget\" data-widget_type=\"divider.default\">\n\t\t\t\t<div class=\"elementor-widget-container\">\n\t\t\t\t\t\t\t<div class=\"elementor-divider\" style=\"--divider-pattern-url: url(&quot;data:image\/svg+xml,%3Csvg xmlns=&#039;http:\/\/www.w3.org\/2000\/svg&#039; preserveAspectRatio=&#039;none&#039; overflow=&#039;visible&#039; height=&#039;100%&#039; viewBox=&#039;0 0 24 24&#039; fill=&#039;none&#039; stroke=&#039;black&#039; stroke-width=&#039;2.2&#039; stroke-linecap=&#039;square&#039; stroke-miterlimit=&#039;10&#039;%3E%3Cpath d=&#039;M0,21c3.3,0,8.3-0.9,15.7-7.1c6.6-5.4,4.4-9.3,2.4-10.3c-3.4-1.8-7.7,1.3-7.3,8.8C11.2,20,17.1,21,24,21&#039;\/%3E%3C\/svg%3E&quot;);\">\n\t\t\t<span class=\"elementor-divider-separator\">\n\t\t\t\t\t\t<\/span>\n\t\t<\/div>\n\t\t\t\t\t\t<\/div>\n\t\t\t\t<\/div>\n\t\t\t\t\t<\/div>\n\t\t\t\t<\/div>\n\t\t<div class=\"elementor-element elementor-element-573f200 e-flex e-con-boxed wpr-particle-no wpr-jarallax-no wpr-parallax-no wpr-sticky-section-no wpr-equal-height-no e-con e-parent\" data-id=\"573f200\" data-element_type=\"container\" data-e-type=\"container\">\n\t\t\t\t\t<div class=\"e-con-inner\">\n\t\t\t\t<div class=\"elementor-element elementor-element-3061ecd elementor-widget elementor-widget-heading\" data-id=\"3061ecd\" data-element_type=\"widget\" data-e-type=\"widget\" data-widget_type=\"heading.default\">\n\t\t\t\t<div class=\"elementor-widget-container\">\n\t\t\t\t\t<h3 class=\"elementor-heading-title elementor-size-default\">Mon \u00e9volution<\/h3>\t\t\t\t<\/div>\n\t\t\t\t<\/div>\n\t\t\t\t<div class=\"elementor-element elementor-element-77cab02 elementor-widget elementor-widget-text-editor\" data-id=\"77cab02\" data-element_type=\"widget\" data-e-type=\"widget\" data-widget_type=\"text-editor.default\">\n\t\t\t\t<div class=\"elementor-widget-container\">\n\t\t\t\t\t\t\t\t\t<div><div><p>Je me suis donc orient\u00e9e vers l\u2019analyse existentielle et la logoth\u00e9rapie, avec pr\u00e8s de 25 ans d\u2019exp\u00e9rience dans le monde de la sant\u00e9 et de la formation professionnelle, j\u2019accompagne et je\u00a0 conduis le changement.<\/p><\/div><div><p>Avant de retrouver la lumi\u00e8re, j\u2019ai travers\u00e9 mes zones d\u2019ombre. En effet, l\u2019on peut passer du profond mal-\u00eatre \u00e0 une merveilleuse \u00e9volution. \u00a0J\u2019ai pu exp\u00e9rimenter et \u00e9prouver les bienfaits de l\u2019autobiographie restaurative apr\u00e8s plus de trente ans de silence.\u00a0<\/p><\/div><div><p>J\u2019ai choisi de me lib\u00e9rer, de t\u00e9moigner et d\u2019accompagner les autres sur ce chemin pour qu\u2019ils puissent \u00e0 leur tour reprendre la responsabilit\u00e9 de leur vie en toute s\u00e9curit\u00e9.<\/p><div><p>Se relier \u00e0 soi est l\u2019objectif premier de nos vies\u00a0: retrouver son essence, savoir qui je suis et d\u00e9cider vers o\u00f9 je vais\u00a0? Se poser ces questions existentielles en \u00e9tant accompagn\u00e9 permet de mieux se comprendre et de mieux s\u2019accepter comme un \u00eatre humain parfaitement imparfait, libre et heureux.<\/p><\/div><\/div><\/div>\t\t\t\t\t\t\t\t<\/div>\n\t\t\t\t<\/div>\n\t\t\t\t\t<\/div>\n\t\t\t\t<\/div>\n\t\t\t\t<section class=\"elementor-section elementor-top-section elementor-element elementor-element-bb27ead elementor-section-boxed elementor-section-height-default elementor-section-height-default wpr-particle-no wpr-jarallax-no wpr-parallax-no wpr-sticky-section-no wpr-equal-height-no\" data-id=\"bb27ead\" data-element_type=\"section\" data-e-type=\"section\" data-settings=\"{&quot;background_background&quot;:&quot;classic&quot;}\">\n\t\t\t\t\t\t<div class=\"elementor-container elementor-column-gap-default\">\n\t\t\t\t\t<div class=\"elementor-column elementor-col-50 elementor-top-column elementor-element elementor-element-5633990\" data-id=\"5633990\" data-element_type=\"column\" data-e-type=\"column\">\n\t\t\t<div class=\"elementor-widget-wrap elementor-element-populated\">\n\t\t\t\t\t\t<div class=\"elementor-element elementor-element-776d11d elementor-widget elementor-widget-heading\" data-id=\"776d11d\" data-element_type=\"widget\" data-e-type=\"widget\" data-widget_type=\"heading.default\">\n\t\t\t\t<div class=\"elementor-widget-container\">\n\t\t\t\t\t<h2 class=\"elementor-heading-title elementor-size-default\">Mon parcours<\/h2>\t\t\t\t<\/div>\n\t\t\t\t<\/div>\n\t\t\t\t<div class=\"elementor-element elementor-element-55a6bff elementor-widget elementor-widget-text-editor\" data-id=\"55a6bff\" data-element_type=\"widget\" data-e-type=\"widget\" data-widget_type=\"text-editor.default\">\n\t\t\t\t<div class=\"elementor-widget-container\">\n\t\t\t\t\t\t\t\t\t<ul>\n<li>Praticienne en analyse existentielle et Logoth\u00e9rapie certifi\u00e9e par l\u2019\u00c9cole Fran\u00e7aise d\u2019Analyse et de Th\u00e9rapie Existentielle (Efrate Paris) et supervis\u00e9e dans ce cadre.<\/li>\n<li>Master 2 en conseil et accompagnement en formation professionnelle.<\/li>\n<li>Technicienne en PNL.<\/li>\n<li>Certifi\u00e9e en art th\u00e9rapie.<\/li>\n<li>Biographe humaniste et hospitali\u00e8re pour particuliers et personnes gravement malades.<\/li>\n<\/ul>\t\t\t\t\t\t\t\t<\/div>\n\t\t\t\t<\/div>\n\t\t\t\t\t<\/div>\n\t\t<\/div>\n\t\t\t\t<div class=\"elementor-column elementor-col-50 elementor-top-column elementor-element elementor-element-5baef2c\" data-id=\"5baef2c\" data-element_type=\"column\" data-e-type=\"column\">\n\t\t\t<div class=\"elementor-widget-wrap elementor-element-populated\">\n\t\t\t\t\t\t<div class=\"elementor-element elementor-element-a1dcb4a elementor-widget elementor-widget-image\" data-id=\"a1dcb4a\" data-element_type=\"widget\" data-e-type=\"widget\" data-widget_type=\"image.default\">\n\t\t\t\t<div class=\"elementor-widget-container\">\n\t\t\t\t\t\t\t\t\t\t\t\t\t\t\t<img decoding=\"async\" width=\"240\" height=\"240\" src=\"https:\/\/leaudesmots.fr\/wp-content\/uploads\/2023\/10\/Logo-Anne.png\" class=\"attachment-large size-large wp-image-1167\" alt=\"Logoth\u00e9rapie, biographe humaniste et art-th\u00e9rapeute \u00e0 bordeaux\" srcset=\"https:\/\/leaudesmots.fr\/wp-content\/uploads\/2023\/10\/Logo-Anne.png 240w, https:\/\/leaudesmots.fr\/wp-content\/uploads\/2023\/10\/Logo-Anne-150x150.png 150w\" sizes=\"(max-width: 240px) 100vw, 240px\" \/>\t\t\t\t\t\t\t\t\t\t\t\t\t\t\t<\/div>\n\t\t\t\t<\/div>\n\t\t\t\t<div class=\"elementor-element elementor-element-8587f56 elementor-widget elementor-widget-image\" data-id=\"8587f56\" data-element_type=\"widget\" data-e-type=\"widget\" data-widget_type=\"image.default\">\n\t\t\t\t<div class=\"elementor-widget-container\">\n\t\t\t\t\t\t\t\t\t\t\t\t\t\t\t<img decoding=\"async\" src=\"https:\/\/leaudesmots.fr\/wp-content\/uploads\/2022\/01\/123.jpg\" title=\"\" alt=\"\" loading=\"lazy\" \/>\t\t\t\t\t\t\t\t\t\t\t\t\t\t\t<\/div>\n\t\t\t\t<\/div>\n\t\t\t\t\t<\/div>\n\t\t<\/div>\n\t\t\t\t\t<\/div>\n\t\t<\/section>\n\t\t<div class=\"elementor-element elementor-element-bc62376 e-flex e-con-boxed wpr-particle-no wpr-jarallax-no wpr-parallax-no wpr-sticky-section-no wpr-equal-height-no e-con e-parent\" data-id=\"bc62376\" data-element_type=\"container\" data-e-type=\"container\" data-settings=\"{&quot;background_background&quot;:&quot;classic&quot;}\">\n\t\t\t\t\t<div class=\"e-con-inner\">\n\t\t\t\t<div class=\"elementor-element elementor-element-e76ccba elementor-widget elementor-widget-heading\" data-id=\"e76ccba\" data-element_type=\"widget\" data-e-type=\"widget\" data-widget_type=\"heading.default\">\n\t\t\t\t<div class=\"elementor-widget-container\">\n\t\t\t\t\t<h3 class=\"elementor-heading-title elementor-size-default\">L'Eau des Mots\u200b<\/h3>\t\t\t\t<\/div>\n\t\t\t\t<\/div>\n\t\t\t\t<div class=\"elementor-element elementor-element-993df2e elementor-widget elementor-widget-heading\" data-id=\"993df2e\" data-element_type=\"widget\" data-e-type=\"widget\" data-widget_type=\"heading.default\">\n\t\t\t\t<div class=\"elementor-widget-container\">\n\t\t\t\t\t<h2 class=\"elementor-heading-title elementor-size-default\">\n<\/h2>\t\t\t\t<\/div>\n\t\t\t\t<\/div>\n\t\t\t\t<div class=\"elementor-element elementor-element-e5132e6 elementor-widget elementor-widget-heading\" data-id=\"e5132e6\" data-element_type=\"widget\" data-e-type=\"widget\" data-widget_type=\"heading.default\">\n\t\t\t\t<div class=\"elementor-widget-container\">\n\t\t\t\t\t<h3 class=\"elementor-heading-title elementor-size-default\">Biographe humaniste, Logoth\u00e9rapie et Art-Th\u00e9rapie \u00e0 Bordeaux<\/h3>\t\t\t\t<\/div>\n\t\t\t\t<\/div>\n\t\t\t\t\t<\/div>\n\t\t\t\t<\/div>\n\t\t<div class=\"elementor-element elementor-element-6a2ccef e-con-full e-flex wpr-particle-no wpr-jarallax-no wpr-parallax-no wpr-sticky-section-no wpr-equal-height-no e-con e-parent\" data-id=\"6a2ccef\" data-element_type=\"container\" data-e-type=\"container\">\n\t\t\t\t<div class=\"elementor-element elementor-element-f0be471 elementor-widget elementor-widget-heading\" data-id=\"f0be471\" data-element_type=\"widget\" data-e-type=\"widget\" data-widget_type=\"heading.default\">\n\t\t\t\t<div class=\"elementor-widget-container\">\n\t\t\t\t\t<h4 class=\"elementor-heading-title elementor-size-default\">Mes engagements associatifs<\/h4>\t\t\t\t<\/div>\n\t\t\t\t<\/div>\n\t\t\t\t<div class=\"elementor-element elementor-element-9b151ff elementor-widget elementor-widget-text-editor\" data-id=\"9b151ff\" data-element_type=\"widget\" data-e-type=\"widget\" data-widget_type=\"text-editor.default\">\n\t\t\t\t<div class=\"elementor-widget-container\">\n\t\t\t\t\t\t\t\t\t<p>Membre de l\u2019association nationale Passeur de Mots et d\u2019Histoires.<\/p>\t\t\t\t\t\t\t\t<\/div>\n\t\t\t\t<\/div>\n\t\t\t\t<div class=\"elementor-element elementor-element-711bae1 elementor-widget-divider--separator-type-pattern elementor-widget-divider--view-line elementor-widget elementor-widget-divider\" data-id=\"711bae1\" data-element_type=\"widget\" data-e-type=\"widget\" data-widget_type=\"divider.default\">\n\t\t\t\t<div class=\"elementor-widget-container\">\n\t\t\t\t\t\t\t<div class=\"elementor-divider\" style=\"--divider-pattern-url: url(&quot;data:image\/svg+xml,%3Csvg xmlns=&#039;http:\/\/www.w3.org\/2000\/svg&#039; preserveAspectRatio=&#039;none&#039; overflow=&#039;visible&#039; height=&#039;100%&#039; viewBox=&#039;0 0 24 24&#039; fill=&#039;none&#039; stroke=&#039;black&#039; stroke-width=&#039;2.2&#039; stroke-linecap=&#039;square&#039; stroke-miterlimit=&#039;10&#039;%3E%3Cpath d=&#039;M0,21c3.3,0,8.3-0.9,15.7-7.1c6.6-5.4,4.4-9.3,2.4-10.3c-3.4-1.8-7.7,1.3-7.3,8.8C11.2,20,17.1,21,24,21&#039;\/%3E%3C\/svg%3E&quot;);\">\n\t\t\t<span class=\"elementor-divider-separator\">\n\t\t\t\t\t\t<\/span>\n\t\t<\/div>\n\t\t\t\t\t\t<\/div>\n\t\t\t\t<\/div>\n\t\t\t\t<div class=\"elementor-element elementor-element-bfd1f95 elementor-widget elementor-widget-heading\" data-id=\"bfd1f95\" data-element_type=\"widget\" data-e-type=\"widget\" data-widget_type=\"heading.default\">\n\t\t\t\t<div class=\"elementor-widget-container\">\n\t\t\t\t\t<h4 class=\"elementor-heading-title elementor-size-default\">Mes Accompagnements<\/h4>\t\t\t\t<\/div>\n\t\t\t\t<\/div>\n\t\t\t\t<\/div>\n\t\t\t\t<section class=\"elementor-section elementor-top-section elementor-element elementor-element-4b5c6cde elementor-section-boxed elementor-section-height-default elementor-section-height-default wpr-particle-no wpr-jarallax-no wpr-parallax-no wpr-sticky-section-no wpr-equal-height-no\" data-id=\"4b5c6cde\" data-element_type=\"section\" data-e-type=\"section\" data-settings=\"{&quot;background_background&quot;:&quot;classic&quot;}\">\n\t\t\t\t\t\t\t<div class=\"elementor-background-overlay\"><\/div>\n\t\t\t\t\t\t\t<div class=\"elementor-container elementor-column-gap-narrow\">\n\t\t\t\t\t<div class=\"elementor-column elementor-col-33 elementor-top-column elementor-element elementor-element-19390456\" data-id=\"19390456\" data-element_type=\"column\" data-e-type=\"column\" data-settings=\"{&quot;background_background&quot;:&quot;classic&quot;}\">\n\t\t\t<div class=\"elementor-widget-wrap elementor-element-populated\">\n\t\t\t\t\t<div class=\"elementor-background-overlay\"><\/div>\n\t\t\t\t\t\t<div class=\"elementor-element elementor-element-1e1ab3d2 wpr-promo-box-style-cover elementor-widget elementor-widget-wpr-promo-box\" data-id=\"1e1ab3d2\" data-element_type=\"widget\" data-e-type=\"widget\" data-widget_type=\"wpr-promo-box.default\">\n\t\t\t\t<div class=\"elementor-widget-container\">\n\t\t\t\t\t\n\t\t<div class=\"wpr-promo-box wpr-animation-wrap\">\n\n\t\t\t\t\t\t\t\n\t\t\t\t\t\t\t<div class=\"wpr-promo-box-image\">\n\t\t\t\t\t<div class=\"wpr-promo-box-bg-image wpr-bg-anim-zoom-in wpr-anim-timing-ease-default\" style=\"background-image:url(https:\/\/leaudesmots.fr\/wp-content\/uploads\/2023\/10\/Design-sans-titre-6.png);\"><\/div>\n\t\t\t\t\t<div class=\"wpr-promo-box-bg-overlay wpr-border-anim-oscar\"><\/div>\n\t\t\t\t<\/div>\n\t\t\t\t\t\t\n\t\t\t<div class=\"wpr-promo-box-content\">\n\n\t\t\t\t\t\t\t\t<div class=\"wpr-promo-box-icon\">\n\t\t\t\t\t\t\t\t\t<\/div>\n\t\t\t\t\n\t\t\t\t<h3 class=\"wpr-promo-box-title\"><span>Logoth\u00e9rapie<\/span><\/h3>\n\t\t\t\t\t\t\t\t\t<div class=\"wpr-promo-box-description\">\n\t\t\t\t\t\t<p><div class=\"wpr-promo-box-description\"><p>Psychoth\u00e9rapie existentielle et narrative permettant \u00e0 la personne de retrouver le sens de sa vie.<\/p><\/div><\/p>\t\n\t\t\t\t\t<\/div>\t\t\t\t\t\t\n\t\t\t\t\n\t\t\t\t\t\t\t\t\t<div class=\"wpr-promo-box-btn-wrap\">\n\t\t\t\t\t\t<a class=\"wpr-promo-box-btn\" href=\"https:\/\/leaudesmots.fr\/index.php\/logotherapie-a-bordeaux\/\">\n\n\t\t\t\t\t\t\t\t\t\t\t\t\t\t<span class=\"wpr-promo-box-btn-text\">Voir la page<\/span>\t\t\n\t\t\t\t\t\t\t\n\t\t\t\t\t\t\t\t\t\t\t\t\t<\/a>\n\t\t\t\t\t<\/div>\t\n\t\t\t\t\t\t\t<\/div>\n\n\t\t\t\t\t<\/div>\n\n\t\t\t\t\t\t<\/div>\n\t\t\t\t<\/div>\n\t\t\t\t\t<\/div>\n\t\t<\/div>\n\t\t\t\t<div class=\"elementor-column elementor-col-33 elementor-top-column elementor-element elementor-element-576a6d65\" data-id=\"576a6d65\" data-element_type=\"column\" data-e-type=\"column\">\n\t\t\t<div class=\"elementor-widget-wrap elementor-element-populated\">\n\t\t\t\t\t\t<div class=\"elementor-element elementor-element-6b2c8015 wpr-promo-box-style-cover elementor-widget elementor-widget-wpr-promo-box\" data-id=\"6b2c8015\" data-element_type=\"widget\" data-e-type=\"widget\" data-widget_type=\"wpr-promo-box.default\">\n\t\t\t\t<div class=\"elementor-widget-container\">\n\t\t\t\t\t\n\t\t<div class=\"wpr-promo-box wpr-animation-wrap\">\n\n\t\t\t\t\t\t\t\n\t\t\t\t\t\t\t<div class=\"wpr-promo-box-image\">\n\t\t\t\t\t<div class=\"wpr-promo-box-bg-image wpr-bg-anim-zoom-in wpr-anim-timing-ease-default\" style=\"background-image:url(https:\/\/leaudesmots.fr\/wp-content\/uploads\/2023\/11\/Design-sans-titre-26.png);\"><\/div>\n\t\t\t\t\t<div class=\"wpr-promo-box-bg-overlay wpr-border-anim-oscar\"><\/div>\n\t\t\t\t<\/div>\n\t\t\t\t\t\t\n\t\t\t<div class=\"wpr-promo-box-content\">\n\n\t\t\t\t\t\t\t\t<div class=\"wpr-promo-box-icon\">\n\t\t\t\t\t\t\t\t\t<\/div>\n\t\t\t\t\n\t\t\t\t<h3 class=\"wpr-promo-box-title\"><span>Biographie Humaniste<\/span><\/h3>\n\t\t\t\t\t\t\t\t\t<div class=\"wpr-promo-box-description\">\n\t\t\t\t\t\t<p><div class=\"wpr-promo-box-description\"><p>La biographie humaniste regroupe la biographie hospitali\u00e8re, la biographie restaurative et la biographie dite \"familiale ou priv\u00e9e.\"<\/p><p>\u00a0<\/p><\/div><\/p>\t\n\t\t\t\t\t<\/div>\t\t\t\t\t\t\n\t\t\t\t\n\t\t\t\t\t\t\t\t\t<div class=\"wpr-promo-box-btn-wrap\">\n\t\t\t\t\t\t<a class=\"wpr-promo-box-btn\" href=\"https:\/\/leaudesmots.fr\/index.php\/biographie-humaniste-a-bordeaux\/\">\n\n\t\t\t\t\t\t\t\t\t\t\t\t\t\t<span class=\"wpr-promo-box-btn-text\">Voir la page<\/span>\t\t\n\t\t\t\t\t\t\t\n\t\t\t\t\t\t\t\t\t\t\t\t\t<\/a>\n\t\t\t\t\t<\/div>\t\n\t\t\t\t\t\t\t<\/div>\n\n\t\t\t\t\t<\/div>\n\n\t\t\t\t\t\t<\/div>\n\t\t\t\t<\/div>\n\t\t\t\t\t<\/div>\n\t\t<\/div>\n\t\t\t\t<div class=\"elementor-column elementor-col-33 elementor-top-column elementor-element elementor-element-9352bb6\" data-id=\"9352bb6\" data-element_type=\"column\" data-e-type=\"column\" data-settings=\"{&quot;background_background&quot;:&quot;classic&quot;}\">\n\t\t\t<div class=\"elementor-widget-wrap elementor-element-populated\">\n\t\t\t\t\t<div class=\"elementor-background-overlay\"><\/div>\n\t\t\t\t\t\t<div class=\"elementor-element elementor-element-2d43df01 wpr-promo-box-style-cover elementor-widget elementor-widget-wpr-promo-box\" data-id=\"2d43df01\" data-element_type=\"widget\" data-e-type=\"widget\" data-widget_type=\"wpr-promo-box.default\">\n\t\t\t\t<div class=\"elementor-widget-container\">\n\t\t\t\t\t\n\t\t<div class=\"wpr-promo-box wpr-animation-wrap\">\n\n\t\t\t\t\t\t\t\n\t\t\t\t\t\t\t<div class=\"wpr-promo-box-image\">\n\t\t\t\t\t<div class=\"wpr-promo-box-bg-image wpr-bg-anim-zoom-in wpr-anim-timing-ease-default\" style=\"background-image:url(https:\/\/leaudesmots.fr\/wp-content\/uploads\/2023\/11\/Design-sans-titre-28.png);\"><\/div>\n\t\t\t\t\t<div class=\"wpr-promo-box-bg-overlay wpr-border-anim-oscar\"><\/div>\n\t\t\t\t<\/div>\n\t\t\t\t\t\t\n\t\t\t<div class=\"wpr-promo-box-content\">\n\n\t\t\t\t\t\t\t\t<div class=\"wpr-promo-box-icon\">\n\t\t\t\t\t\t\t\t\t<\/div>\n\t\t\t\t\n\t\t\t\t<h3 class=\"wpr-promo-box-title\"><span>L'Art Th\u00e9rapie<\/span><\/h3>\n\t\t\t\t\t\t\t\t\t<div class=\"wpr-promo-box-description\">\n\t\t\t\t\t\t<p><div class=\"wpr-promo-box-description\"><p>Ateliers pour se reconnecter \u00e0 sa cr\u00e9ativit\u00e9.<\/p><\/div><\/p>\t\n\t\t\t\t\t<\/div>\t\t\t\t\t\t\n\t\t\t\t\n\t\t\t\t\t\t\t\t\t<div class=\"wpr-promo-box-btn-wrap\">\n\t\t\t\t\t\t<a class=\"wpr-promo-box-btn\" href=\"https:\/\/leaudesmots.fr\/index.php\/art-therapie-a-bordeaux\/\">\n\n\t\t\t\t\t\t\t\t\t\t\t\t\t\t<span class=\"wpr-promo-box-btn-text\">Voir la page<\/span>\t\t\n\t\t\t\t\t\t\t\n\t\t\t\t\t\t\t\t\t\t\t\t\t<\/a>\n\t\t\t\t\t<\/div>\t\n\t\t\t\t\t\t\t<\/div>\n\n\t\t\t\t\t<\/div>\n\n\t\t\t\t\t\t<\/div>\n\t\t\t\t<\/div>\n\t\t\t\t\t<\/div>\n\t\t<\/div>\n\t\t\t\t\t<\/div>\n\t\t<\/section>\n\t\t<div class=\"elementor-element elementor-element-27775e09 e-flex e-con-boxed wpr-particle-no wpr-jarallax-no wpr-parallax-no wpr-sticky-section-no wpr-equal-height-no e-con e-parent\" data-id=\"27775e09\" data-element_type=\"container\" data-e-type=\"container\">\n\t\t\t\t\t<div class=\"e-con-inner\">\n\t\t\t\t<div class=\"elementor-element elementor-element-32dd0f5b elementor-icon-list--layout-inline elementor-align-center elementor-list-item-link-full_width elementor-widget elementor-widget-icon-list\" data-id=\"32dd0f5b\" data-element_type=\"widget\" data-e-type=\"widget\" data-widget_type=\"icon-list.default\">\n\t\t\t\t<div class=\"elementor-widget-container\">\n\t\t\t\t\t\t\t<ul class=\"elementor-icon-list-items elementor-inline-items\">\n\t\t\t\t\t\t\t<li class=\"elementor-icon-list-item elementor-inline-item\">\n\t\t\t\t\t\t\t\t\t\t\t<a href=\"mailto:leaudesmots@gmail.com\">\n\n\t\t\t\t\t\t\t\t\t\t\t\t<span class=\"elementor-icon-list-icon\">\n\t\t\t\t\t\t\t<i aria-hidden=\"true\" class=\"fas fa-mail-bulk\"><\/i>\t\t\t\t\t\t<\/span>\n\t\t\t\t\t\t\t\t\t\t<span class=\"elementor-icon-list-text\">leaudesmots@gmail.com<\/span>\n\t\t\t\t\t\t\t\t\t\t\t<\/a>\n\t\t\t\t\t\t\t\t\t<\/li>\n\t\t\t\t\t\t\t\t<li class=\"elementor-icon-list-item elementor-inline-item\">\n\t\t\t\t\t\t\t\t\t\t\t<a href=\"tel:+33668244758\">\n\n\t\t\t\t\t\t\t\t\t\t\t\t<span class=\"elementor-icon-list-icon\">\n\t\t\t\t\t\t\t<i aria-hidden=\"true\" class=\"fas fa-phone-volume\"><\/i>\t\t\t\t\t\t<\/span>\n\t\t\t\t\t\t\t\t\t\t<span class=\"elementor-icon-list-text\">06 68 24 47 58<\/span>\n\t\t\t\t\t\t\t\t\t\t\t<\/a>\n\t\t\t\t\t\t\t\t\t<\/li>\n\t\t\t\t\t\t<\/ul>\n\t\t\t\t\t\t<\/div>\n\t\t\t\t<\/div>\n\t\t\t\t\t<\/div>\n\t\t\t\t<\/div>\n\t\t\t\t<\/div>\n\t\t","protected":false},"excerpt":{"rendered":"<p>\u00c0 propos de moi, Biographe humaniste, Logoth\u00e9rapie et Art-Th\u00e9rapie \u00e0 Bordeaux \u00c0 propos de moi, Anne Prost, Biographe, logoth\u00e9rapie et Art-th\u00e9rapie \u00e0 Bordeaux Th\u00e9rapeute, enseignante artiste et auteure. Je vous accompagne \u00e0 poser des mots sur des maux. Dans ma premi\u00e8re partie de vie j\u2019ai \u00e9t\u00e9 infirmi\u00e8re, pu\u00e9ricultrice puis enseignante. Comme tout \u00eatre humain, j\u2019ai rencontr\u00e9 diff\u00e9rentes \u00e9preuves dont j\u2019ai cherch\u00e9 \u00e0 comprendre le sens. Dans la seconde partie de ma vie j\u2019ai souhait\u00e9 mettre mon exp\u00e9rience au service de l\u2019\u00e9coute d\u2019autrui, au service de l\u2019introspection afin de valoriser la singularit\u00e9 de chaque \u00eatre humain, lui redonner confiance pour exploiter ses\u00a0pleins potentiels, l\u2019accompagner \u00e0 revenir aux essentiels. Je m\u2019appuie sur ma confiance, mon savoir-faire et mon savoir \u00eatre pour faire de cet accompagnement un v\u00e9ritable soin, vous permettre de vous reconnecter \u00e0 votre \u00e2me, \u00e0 votre essence d\u2019\u00eatre. Mes valeurs L\u2019humanisme, la solidarit\u00e9, la justice et la justesse, l\u2019authenticit\u00e9, le respect et la confiance. C\u2019est en r\u00e9f\u00e9rence \u00e0 ces valeurs que je me suis form\u00e9e \u00e0 diff\u00e9rentes techniques, diff\u00e9rents outils pour enrichir mes comp\u00e9tences et am\u00e9liorer mon &nbsp;accompagnement. L\u2019approche humaniste, qui s\u2019appuie sur des valeurs d\u2019authenticit\u00e9, de&nbsp;respect&nbsp;et de&nbsp;bienveillance&nbsp;de la personne est pour moi essentielle. La reliance \u00e0 soi : Se relier \u00e0 \u00a0soi est l\u2019objectif premier de nos vies pour nous permettre d\u2019\u00caTRE compl\u00e8tement nous-m\u00eame.\u00a0 S\u2019interroger sur des questions existentielles en \u00e9tant accompagn\u00e9 pour cheminer vers soi, voil\u00e0 ce que je vous propose.\u00a0 N\u2019h\u00e9sitez pas \u00e0 me contacter pour prendre RDV pour un appel d\u00e9couverte. Mon \u00e9volution Je me suis donc orient\u00e9e vers l\u2019analyse existentielle et la logoth\u00e9rapie, avec pr\u00e8s de 25 ans d\u2019exp\u00e9rience dans le monde de la sant\u00e9 et de la formation professionnelle, j\u2019accompagne et je\u00a0 conduis le changement. Avant de retrouver la lumi\u00e8re, j\u2019ai travers\u00e9 mes zones d\u2019ombre. En effet, l\u2019on peut passer du profond mal-\u00eatre \u00e0 une merveilleuse \u00e9volution. \u00a0J\u2019ai pu exp\u00e9rimenter et \u00e9prouver les bienfaits de l\u2019autobiographie restaurative apr\u00e8s plus de trente ans de silence.\u00a0 J\u2019ai choisi de me lib\u00e9rer, de t\u00e9moigner et d\u2019accompagner les autres sur ce chemin pour qu\u2019ils puissent \u00e0 leur tour reprendre la responsabilit\u00e9 de leur vie en toute s\u00e9curit\u00e9. Se relier \u00e0 soi est l\u2019objectif premier de nos vies\u00a0: retrouver son essence, savoir qui je suis et d\u00e9cider vers o\u00f9 je vais\u00a0? Se poser ces questions existentielles en \u00e9tant accompagn\u00e9 permet de mieux se comprendre et de mieux s\u2019accepter comme un \u00eatre humain parfaitement imparfait, libre et heureux. Mon parcours Praticienne en analyse existentielle et Logoth\u00e9rapie certifi\u00e9e par l\u2019\u00c9cole Fran\u00e7aise d\u2019Analyse et de Th\u00e9rapie Existentielle (Efrate Paris) et supervis\u00e9e dans ce cadre. Master 2 en conseil et accompagnement en formation professionnelle. Technicienne en PNL. Certifi\u00e9e en art th\u00e9rapie. Biographe humaniste et hospitali\u00e8re pour particuliers et personnes gravement malades. L&rsquo;Eau des Mots\u200b Biographe humaniste, Logoth\u00e9rapie et Art-Th\u00e9rapie \u00e0 Bordeaux Mes engagements associatifs Membre de l\u2019association nationale Passeur de Mots et d\u2019Histoires. Mes Accompagnements Logoth\u00e9rapie Psychoth\u00e9rapie existentielle et narrative permettant \u00e0 la personne de retrouver le sens de sa vie. Voir la page Biographie Humaniste La biographie humaniste regroupe la biographie hospitali\u00e8re, la biographie restaurative et la biographie dite \u00ab\u00a0familiale ou priv\u00e9e.\u00a0\u00bb \u00a0 Voir la page L&rsquo;Art Th\u00e9rapie Ateliers pour se reconnecter \u00e0 sa cr\u00e9ativit\u00e9. Voir la page leaudesmots@gmail.com 06 68 24 47 58<\/p>\n","protected":false},"author":1,"featured_media":0,"parent":0,"menu_order":0,"comment_status":"closed","ping_status":"closed","template":"","meta":{"footnotes":""},"class_list":["post-51","page","type-page","status-publish","hentry"],"yoast_head":"<!-- This site is optimized with the Yoast SEO plugin v25.6 - https:\/\/yoast.com\/wordpress\/plugins\/seo\/ -->\n<title>Biographe logoth\u00e9rapie et Art-th\u00e9rapie \u00e0 Bordeaux<\/title>\n<meta name=\"description\" content=\"Biographe logoth\u00e9rapie et Art-th\u00e9rapie \u00e0 Bordeaux, Th\u00e9rapeute, Je vous accompagne \u00e0 poser des mots sur des maux.\" \/>\n<meta name=\"robots\" content=\"index, follow, max-snippet:-1, max-image-preview:large, max-video-preview:-1\" \/>\n<link rel=\"canonical\" href=\"https:\/\/leaudesmots.fr\/index.php\/biographe-logotherapie-et-art-therapie-a-bordeaux\/\" \/>\n<meta property=\"og:locale\" content=\"fr_FR\" \/>\n<meta property=\"og:type\" content=\"article\" \/>\n<meta property=\"og:title\" content=\"Biographe logoth\u00e9rapie et Art-th\u00e9rapie \u00e0 Bordeaux\" \/>\n<meta property=\"og:description\" content=\"Biographe logoth\u00e9rapie et Art-th\u00e9rapie \u00e0 Bordeaux, Th\u00e9rapeute, Je vous accompagne \u00e0 poser des mots sur des maux.\" \/>\n<meta property=\"og:url\" content=\"https:\/\/leaudesmots.fr\/index.php\/biographe-logotherapie-et-art-therapie-a-bordeaux\/\" \/>\n<meta property=\"og:site_name\" content=\"L Eau des Mots\" \/>\n<meta property=\"article:modified_time\" content=\"2024-01-25T13:17:10+00:00\" \/>\n<meta property=\"og:image\" content=\"https:\/\/leaudesmots.fr\/wp-content\/uploads\/2023\/10\/WhatsApp-Image-2023-08-16-a-14.55.01-200x300.jpg\" \/>\n<meta name=\"twitter:card\" content=\"summary_large_image\" \/>\n<meta name=\"twitter:label1\" content=\"Dur\u00e9e de lecture estim\u00e9e\" \/>\n\t<meta name=\"twitter:data1\" content=\"4 minutes\" \/>\n<script type=\"application\/ld+json\" class=\"yoast-schema-graph\">{\"@context\":\"https:\/\/schema.org\",\"@graph\":[{\"@type\":\"WebPage\",\"@id\":\"https:\/\/leaudesmots.fr\/index.php\/biographe-logotherapie-et-art-therapie-a-bordeaux\/\",\"url\":\"https:\/\/leaudesmots.fr\/index.php\/biographe-logotherapie-et-art-therapie-a-bordeaux\/\",\"name\":\"Biographe logoth\u00e9rapie et Art-th\u00e9rapie \u00e0 Bordeaux\",\"isPartOf\":{\"@id\":\"https:\/\/leaudesmots.fr\/#website\"},\"primaryImageOfPage\":{\"@id\":\"https:\/\/leaudesmots.fr\/index.php\/biographe-logotherapie-et-art-therapie-a-bordeaux\/#primaryimage\"},\"image\":{\"@id\":\"https:\/\/leaudesmots.fr\/index.php\/biographe-logotherapie-et-art-therapie-a-bordeaux\/#primaryimage\"},\"thumbnailUrl\":\"https:\/\/leaudesmots.fr\/wp-content\/uploads\/2023\/10\/WhatsApp-Image-2023-08-16-a-14.55.01-200x300.jpg\",\"datePublished\":\"2022-01-17T10:35:15+00:00\",\"dateModified\":\"2024-01-25T13:17:10+00:00\",\"description\":\"Biographe logoth\u00e9rapie et Art-th\u00e9rapie \u00e0 Bordeaux, Th\u00e9rapeute, Je vous accompagne \u00e0 poser des mots sur des maux.\",\"breadcrumb\":{\"@id\":\"https:\/\/leaudesmots.fr\/index.php\/biographe-logotherapie-et-art-therapie-a-bordeaux\/#breadcrumb\"},\"inLanguage\":\"fr-FR\",\"potentialAction\":[{\"@type\":\"ReadAction\",\"target\":[\"https:\/\/leaudesmots.fr\/index.php\/biographe-logotherapie-et-art-therapie-a-bordeaux\/\"]}]},{\"@type\":\"ImageObject\",\"inLanguage\":\"fr-FR\",\"@id\":\"https:\/\/leaudesmots.fr\/index.php\/biographe-logotherapie-et-art-therapie-a-bordeaux\/#primaryimage\",\"url\":\"https:\/\/leaudesmots.fr\/wp-content\/uploads\/2023\/10\/WhatsApp-Image-2023-08-16-a-14.55.01.jpg\",\"contentUrl\":\"https:\/\/leaudesmots.fr\/wp-content\/uploads\/2023\/10\/WhatsApp-Image-2023-08-16-a-14.55.01.jpg\",\"width\":683,\"height\":1024},{\"@type\":\"BreadcrumbList\",\"@id\":\"https:\/\/leaudesmots.fr\/index.php\/biographe-logotherapie-et-art-therapie-a-bordeaux\/#breadcrumb\",\"itemListElement\":[{\"@type\":\"ListItem\",\"position\":1,\"name\":\"Accueil\",\"item\":\"https:\/\/leaudesmots.fr\/\"},{\"@type\":\"ListItem\",\"position\":2,\"name\":\"\u00c0 propos de moi, Biographe, logoth\u00e9rapie et Art-th\u00e9rapie \u00e0 Bordeaux\"}]},{\"@type\":\"WebSite\",\"@id\":\"https:\/\/leaudesmots.fr\/#website\",\"url\":\"https:\/\/leaudesmots.fr\/\",\"name\":\"L Eau des Mots\",\"description\":\"Biographie humaniste : un m\u00e9tier \u00e0 l\u2019\u00e9coute de l\u2019autre\",\"potentialAction\":[{\"@type\":\"SearchAction\",\"target\":{\"@type\":\"EntryPoint\",\"urlTemplate\":\"https:\/\/leaudesmots.fr\/?s={search_term_string}\"},\"query-input\":{\"@type\":\"PropertyValueSpecification\",\"valueRequired\":true,\"valueName\":\"search_term_string\"}}],\"inLanguage\":\"fr-FR\"}]}<\/script>\n<!-- \/ Yoast SEO plugin. -->","yoast_head_json":{"title":"Biographe logoth\u00e9rapie et Art-th\u00e9rapie \u00e0 Bordeaux","description":"Biographe logoth\u00e9rapie et Art-th\u00e9rapie \u00e0 Bordeaux, Th\u00e9rapeute, Je vous accompagne \u00e0 poser des mots sur des maux.","robots":{"index":"index","follow":"follow","max-snippet":"max-snippet:-1","max-image-preview":"max-image-preview:large","max-video-preview":"max-video-preview:-1"},"canonical":"https:\/\/leaudesmots.fr\/index.php\/biographe-logotherapie-et-art-therapie-a-bordeaux\/","og_locale":"fr_FR","og_type":"article","og_title":"Biographe logoth\u00e9rapie et Art-th\u00e9rapie \u00e0 Bordeaux","og_description":"Biographe logoth\u00e9rapie et Art-th\u00e9rapie \u00e0 Bordeaux, Th\u00e9rapeute, Je vous accompagne \u00e0 poser des mots sur des maux.","og_url":"https:\/\/leaudesmots.fr\/index.php\/biographe-logotherapie-et-art-therapie-a-bordeaux\/","og_site_name":"L Eau des Mots","article_modified_time":"2024-01-25T13:17:10+00:00","og_image":[{"url":"https:\/\/leaudesmots.fr\/wp-content\/uploads\/2023\/10\/WhatsApp-Image-2023-08-16-a-14.55.01-200x300.jpg","type":"","width":"","height":""}],"twitter_card":"summary_large_image","twitter_misc":{"Dur\u00e9e de lecture estim\u00e9e":"4 minutes"},"schema":{"@context":"https:\/\/schema.org","@graph":[{"@type":"WebPage","@id":"https:\/\/leaudesmots.fr\/index.php\/biographe-logotherapie-et-art-therapie-a-bordeaux\/","url":"https:\/\/leaudesmots.fr\/index.php\/biographe-logotherapie-et-art-therapie-a-bordeaux\/","name":"Biographe logoth\u00e9rapie et Art-th\u00e9rapie \u00e0 Bordeaux","isPartOf":{"@id":"https:\/\/leaudesmots.fr\/#website"},"primaryImageOfPage":{"@id":"https:\/\/leaudesmots.fr\/index.php\/biographe-logotherapie-et-art-therapie-a-bordeaux\/#primaryimage"},"image":{"@id":"https:\/\/leaudesmots.fr\/index.php\/biographe-logotherapie-et-art-therapie-a-bordeaux\/#primaryimage"},"thumbnailUrl":"https:\/\/leaudesmots.fr\/wp-content\/uploads\/2023\/10\/WhatsApp-Image-2023-08-16-a-14.55.01-200x300.jpg","datePublished":"2022-01-17T10:35:15+00:00","dateModified":"2024-01-25T13:17:10+00:00","description":"Biographe logoth\u00e9rapie et Art-th\u00e9rapie \u00e0 Bordeaux, Th\u00e9rapeute, Je vous accompagne \u00e0 poser des mots sur des maux.","breadcrumb":{"@id":"https:\/\/leaudesmots.fr\/index.php\/biographe-logotherapie-et-art-therapie-a-bordeaux\/#breadcrumb"},"inLanguage":"fr-FR","potentialAction":[{"@type":"ReadAction","target":["https:\/\/leaudesmots.fr\/index.php\/biographe-logotherapie-et-art-therapie-a-bordeaux\/"]}]},{"@type":"ImageObject","inLanguage":"fr-FR","@id":"https:\/\/leaudesmots.fr\/index.php\/biographe-logotherapie-et-art-therapie-a-bordeaux\/#primaryimage","url":"https:\/\/leaudesmots.fr\/wp-content\/uploads\/2023\/10\/WhatsApp-Image-2023-08-16-a-14.55.01.jpg","contentUrl":"https:\/\/leaudesmots.fr\/wp-content\/uploads\/2023\/10\/WhatsApp-Image-2023-08-16-a-14.55.01.jpg","width":683,"height":1024},{"@type":"BreadcrumbList","@id":"https:\/\/leaudesmots.fr\/index.php\/biographe-logotherapie-et-art-therapie-a-bordeaux\/#breadcrumb","itemListElement":[{"@type":"ListItem","position":1,"name":"Accueil","item":"https:\/\/leaudesmots.fr\/"},{"@type":"ListItem","position":2,"name":"\u00c0 propos de moi, Biographe, logoth\u00e9rapie et Art-th\u00e9rapie \u00e0 Bordeaux"}]},{"@type":"WebSite","@id":"https:\/\/leaudesmots.fr\/#website","url":"https:\/\/leaudesmots.fr\/","name":"L Eau des Mots","description":"Biographie humaniste : un m\u00e9tier \u00e0 l\u2019\u00e9coute de l\u2019autre","potentialAction":[{"@type":"SearchAction","target":{"@type":"EntryPoint","urlTemplate":"https:\/\/leaudesmots.fr\/?s={search_term_string}"},"query-input":{"@type":"PropertyValueSpecification","valueRequired":true,"valueName":"search_term_string"}}],"inLanguage":"fr-FR"}]}},"_links":{"self":[{"href":"https:\/\/leaudesmots.fr\/index.php\/wp-json\/wp\/v2\/pages\/51"}],"collection":[{"href":"https:\/\/leaudesmots.fr\/index.php\/wp-json\/wp\/v2\/pages"}],"about":[{"href":"https:\/\/leaudesmots.fr\/index.php\/wp-json\/wp\/v2\/types\/page"}],"author":[{"embeddable":true,"href":"https:\/\/leaudesmots.fr\/index.php\/wp-json\/wp\/v2\/users\/1"}],"replies":[{"embeddable":true,"href":"https:\/\/leaudesmots.fr\/index.php\/wp-json\/wp\/v2\/comments?post=51"}],"version-history":[{"count":281,"href":"https:\/\/leaudesmots.fr\/index.php\/wp-json\/wp\/v2\/pages\/51\/revisions"}],"predecessor-version":[{"id":3396,"href":"https:\/\/leaudesmots.fr\/index.php\/wp-json\/wp\/v2\/pages\/51\/revisions\/3396"}],"wp:attachment":[{"href":"https:\/\/leaudesmots.fr\/index.php\/wp-json\/wp\/v2\/media?parent=51"}],"curies":[{"name":"wp","href":"https:\/\/api.w.org\/{rel}","templated":true}]}}